{"id":607,"date":"2024-10-22T15:50:22","date_gmt":"2024-10-22T15:50:22","guid":{"rendered":"https:\/\/evimatic.com\/?page_id=607"},"modified":"2024-12-08T11:37:03","modified_gmt":"2024-12-08T11:37:03","slug":"drowsiness","status":"publish","type":"page","link":"https:\/\/evimatic.com\/ca\/drowsiness\/","title":{"rendered":"Somnol\u00e8ncia"},"content":{"rendered":"<p>[et_pb_section fb_built=&#8221;1&#8243; admin_label=&#8221;Header&#8221; _builder_version=&#8221;4.27.0&#8243; _module_preset=&#8221;default&#8221; background_color=&#8221;gcid-4dccef5c-a04c-4e7c-abbe-b1e880c58010&#8243; background_image=&#8221;https:\/\/evimatic.com\/wp-content\/uploads\/2024\/02\/doctores-discutiendo-sobre-laptop-reunion_107420-84804.jpeg&#8221; background_blend=&#8221;overlay&#8221; da_disable_devices=&#8221;off|off|off&#8221; global_module=&#8221;544&#8243; saved_tabs=&#8221;all&#8221; collapsed=&#8221;off&#8221; global_colors_info=&#8221;{%22gcid-4dccef5c-a04c-4e7c-abbe-b1e880c58010%22:%91%22background_color%22%93}&#8221; da_is_popup=&#8221;off&#8221; da_exit_intent=&#8221;off&#8221; da_has_close=&#8221;on&#8221; da_alt_close=&#8221;off&#8221; da_dark_close=&#8221;off&#8221; da_not_modal=&#8221;on&#8221; da_is_singular=&#8221;off&#8221; da_with_loader=&#8221;off&#8221; da_has_shadow=&#8221;on&#8221;][et_pb_row _builder_version=&#8221;4.27.0&#8243; _module_preset=&#8221;default&#8221; custom_padding=&#8221;20px||6px||false|false&#8221; global_colors_info=&#8221;{}&#8221;][et_pb_column type=&#8221;4_4&#8243; _builder_version=&#8221;4.19.5&#8243; _module_preset=&#8221;default&#8221; global_colors_info=&#8221;{}&#8221;][et_pb_text _builder_version=&#8221;4.27.0&#8243; _module_preset=&#8221;e35e6f3d-d732-4389-93ae-c763786a5d42&#8243; header_font=&#8221;||||||||&#8221; text_orientation=&#8221;center&#8221; min_height=&#8221;63px&#8221; custom_margin=&#8221;||0px||false|false&#8221; custom_padding=&#8221;||0px||false|false&#8221; header_text_align_tablet=&#8221;&#8221; header_text_align_phone=&#8221;&#8221; header_text_align_last_edited=&#8221;on|phone&#8221; global_colors_info=&#8221;{}&#8221;]<\/p>\n<h1>Informaci\u00f3 general del TDAH<\/h1>\n<p>[\/et_pb_text][et_pb_text _builder_version=&#8221;4.27.0&#8243; _module_preset=&#8221;default&#8221; header_2_text_align=&#8221;left&#8221; custom_padding=&#8221;2px|||||&#8221; header_text_align_tablet=&#8221;&#8221; header_text_align_phone=&#8221;left&#8221; header_text_align_last_edited=&#8221;on|phone&#8221; header_4_text_align_tablet=&#8221;center&#8221; header_4_text_align_phone=&#8221;&#8221; header_4_text_align_last_edited=&#8221;on|phone&#8221; global_colors_info=&#8221;{}&#8221;]<\/p>\n<h4>En aquestes seccions l\u2019usuari podr\u00e0 accedir a informaci\u00f3 sobre el TDAH, les seves repercussions, els medicaments disponibles i els efectes adversos que produeixen. Esperem que aquesta informaci\u00f3 serveixi per decidir les prefer\u00e8ncies del tractament del TDAH.<\/h4>\n<p>[\/et_pb_text][\/et_pb_column][\/et_pb_row][\/et_pb_section][et_pb_section fb_built=&#8221;1&#8243; specialty=&#8221;on&#8221; _builder_version=&#8221;4.27.0&#8243; _module_preset=&#8221;default&#8221; da_disable_devices=&#8221;off|off|off&#8221; global_colors_info=&#8221;{}&#8221; da_is_popup=&#8221;off&#8221; da_exit_intent=&#8221;off&#8221; da_has_close=&#8221;on&#8221; da_alt_close=&#8221;off&#8221; da_dark_close=&#8221;off&#8221; da_not_modal=&#8221;on&#8221; da_is_singular=&#8221;off&#8221; da_with_loader=&#8221;off&#8221; da_has_shadow=&#8221;on&#8221;][et_pb_column type=&#8221;1_4&#8243; _builder_version=&#8221;4.16&#8243; custom_padding=&#8221;|||&#8221; global_colors_info=&#8221;{}&#8221; custom_padding__hover=&#8221;|||&#8221;][et_pb_sidebar _builder_version=&#8221;4.27.0&#8243; _module_preset=&#8221;default&#8221; header_text_color=&#8221;#66CC9A&#8221; body_font=&#8221;||||||||&#8221; body_font_size=&#8221;16px&#8221; custom_padding=&#8221;||||false|false&#8221; global_module=&#8221;546&#8243; saved_tabs=&#8221;all&#8221; global_colors_info=&#8221;{}&#8221; body_text_color__hover_enabled=&#8221;on|desktop&#8221; body_text_color__hover=&#8221;#66CC9A&#8221;][\/et_pb_sidebar][\/et_pb_column][et_pb_column type=&#8221;3_4&#8243; specialty_columns=&#8221;3&#8243; _builder_version=&#8221;4.16&#8243; custom_padding=&#8221;|||&#8221; global_colors_info=&#8221;{}&#8221; custom_padding__hover=&#8221;|||&#8221;][et_pb_row_inner _builder_version=&#8221;4.27.0&#8243; _module_preset=&#8221;default&#8221; global_colors_info=&#8221;{}&#8221;][et_pb_column_inner saved_specialty_column_type=&#8221;3_4&#8243; _builder_version=&#8221;4.27.0&#8243; _module_preset=&#8221;default&#8221; global_colors_info=&#8221;{}&#8221;][et_pb_post_title meta=&#8221;off&#8221; featured_image=&#8221;off&#8221; _builder_version=&#8221;4.27.0&#8243; _module_preset=&#8221;default&#8221; title_level=&#8221;h2&#8243; title_text_color=&#8221;#66CC9A&#8221; title_font_size=&#8221;30px&#8221; global_colors_info=&#8221;{}&#8221;][\/et_pb_post_title][et_pb_text _builder_version=&#8221;4.27.0&#8243; _module_preset=&#8221;default&#8221; hover_enabled=&#8221;0&#8243; global_colors_info=&#8221;{}&#8221; sticky_enabled=&#8221;0&#8243;]<\/p>\n<p><span>Alguns medicaments que s\u2019utilitzen per al tractament del TDAH produeixen somnol\u00e8ncia, que consisteix en un fort desig de dormir. Els medicaments que produeixen aquest efecte advers ho fan molt freq\u00fcentment. Tanmateix, \u00e9s un efecte advers que habitualment \u00e9s lleu i que desapareix quan el pacient deixa de prendre el tractament.<\/span><\/p>\n<p>[\/et_pb_text][et_pb_toggle title=&#8221;What is the relationship between ADHD treatment and drowsiness?&#8221; open=&#8221;on&#8221; open_toggle_text_color=&#8221;#66CC9A&#8221; open_toggle_background_color=&#8221;RGBA(255,255,255,0)&#8221; closed_toggle_background_color=&#8221;RGBA(255,255,255,0)&#8221; icon_color=&#8221;#66CC9A&#8221; toggle_icon=&#8221;&#xe050;||divi||400&#8243; use_icon_font_size=&#8221;on&#8221; icon_font_size=&#8221;20px&#8221; open_icon_color=&#8221;#66CC9A&#8221; open_toggle_icon=&#8221;&#xe04f;||divi||400&#8243; open_use_icon_font_size=&#8221;on&#8221; open_icon_font_size=&#8221;20px&#8221; _builder_version=&#8221;4.27.0&#8243; _module_preset=&#8221;default&#8221; title_level=&#8221;h3&#8243; title_font=&#8221;|600|||||||&#8221; custom_margin=&#8221;||20px||false|false&#8221; hover_enabled=&#8221;0&#8243; border_radii=&#8221;on|10px|10px|10px|10px&#8221; icon_font_size__hover=&#8221;&#8221; icon_font_size__hover_enabled=&#8221;on|desktop&#8221; global_colors_info=&#8221;{}&#8221; border_color_all__hover_enabled=&#8221;on|hover&#8221; border_color_all__hover=&#8221;#66CC9A&#8221; sticky_enabled=&#8221;0&#8243;]<\/p>\n<p>La somnol\u00e8ncia \u00e9s un fort desig de dormir que du a un estat a mig cam\u00ed entre l\u2019estar despert i adormit.  La somnol\u00e8ncia altera el funcionament durant el dia ja que la persona que l\u2019experimenta est\u00e0 molt cansada i presenta dificultat de concentraci\u00f3. La somnol\u00e8ncia pot ser perillosa quan es realitzen tasques que requereixen concentraci\u00f3 constant, com conduir un vehicle.<\/p>\n<p>Alguns medicaments que s\u2019utilitzen per al tractament de TDAH produeixen somnol\u00e8ncia. En estudis de poques setmanes o mesos de durada s\u2019ha observat que quasi la meitat dels pacients poden presentar aquest efecte advers, sent aquesta freq\u00fc\u00e8ncia entre 3 i 4 vegades m\u00e9s elevada que en persones amb TDAH que no reben tractament actiu. No obstant, es tracta d\u2019un efecte advers que habitualment millora disminuint la dosi del tractament i desapareix quan es treu el tractament.<\/p>\n<p>[\/et_pb_toggle][\/et_pb_column_inner][\/et_pb_row_inner][\/et_pb_column][\/et_pb_section][et_pb_section fb_built=&#8221;1&#8243; _builder_version=&#8221;4.27.0&#8243; _module_preset=&#8221;default&#8221; background_color=&#8221;#66CC9A&#8221; background_enable_image=&#8221;off&#8221; parallax=&#8221;on&#8221; background_blend=&#8221;overlay&#8221; background_pattern_horizontal_offset=&#8221;-50%&#8221; background_pattern_vertical_offset=&#8221;-50%&#8221; da_disable_devices=&#8221;off|off|off&#8221; global_module=&#8221;536&#8243; saved_tabs=&#8221;all&#8221; global_colors_info=&#8221;{}&#8221; da_is_popup=&#8221;off&#8221; da_exit_intent=&#8221;off&#8221; da_has_close=&#8221;on&#8221; da_alt_close=&#8221;off&#8221; da_dark_close=&#8221;off&#8221; da_not_modal=&#8221;on&#8221; da_is_singular=&#8221;off&#8221; da_with_loader=&#8221;off&#8221; da_has_shadow=&#8221;on&#8221;][et_pb_row column_structure=&#8221;3_4,1_4&#8243; disabled_on=&#8221;on|off|off&#8221; admin_label=&#8221;Desktop-tablet&#8221; _builder_version=&#8221;4.27.0&#8243; _module_preset=&#8221;default&#8221; custom_margin=&#8221;0px||0px||false|false&#8221; custom_padding=&#8221;0px||0px||false|false&#8221; custom_css_main_element=&#8221;display: flex;||align-items: center;&#8221; global_colors_info=&#8221;{}&#8221;][et_pb_column type=&#8221;3_4&#8243; _builder_version=&#8221;4.27.0&#8243; _module_preset=&#8221;default&#8221; global_colors_info=&#8221;{}&#8221;][et_pb_blurb title=&#8221;Do you need to make a clinical decision?&#8221; content_max_width=&#8221;100%&#8221; _builder_version=&#8221;4.27.0&#8243; _module_preset=&#8221;default&#8221; header_font=&#8221;|600|||||||&#8221; header_text_color=&#8221;#FFFFFF&#8221; header_font_size=&#8221;36px&#8221; body_text_color=&#8221;#000000&#8243; body_font_size=&#8221;20px&#8221; body_line_height=&#8221;1.6em&#8221; custom_padding=&#8221;||1px|||&#8221; text_orientation_tablet=&#8221;center&#8221; text_orientation_phone=&#8221;left&#8221; text_orientation_last_edited=&#8221;on|phone&#8221; global_colors_info=&#8221;{}&#8221;]<\/p>\n<p>EVIMATIC\u00ae \u00e9s la primera eina de salut digital que genera recomanacions de tractament descentralitzades, automatitzades, personalitzades, participatives i explicatives que es presenten en el format de les guies de pr\u00e0ctica cl\u00ednica.<\/p>\n<p>[\/et_pb_blurb][\/et_pb_column][et_pb_column type=&#8221;1_4&#8243; _builder_version=&#8221;4.27.0&#8243; _module_preset=&#8221;default&#8221; global_colors_info=&#8221;{}&#8221;][et_pb_button button_url=&#8221;https:\/\/app.evimatic.com\/evimatic\/&#8221; button_text=&#8221;Access Evimatic&#8221; button_alignment=&#8221;right&#8221; _builder_version=&#8221;4.27.0&#8243; _module_preset=&#8221;7d9738c6-71a1-4cdb-bc96-5b919615e76c&#8221; button_text_size=&#8221;18px&#8221; button_font=&#8221;||||||||&#8221; button_icon=&#8221;&#x24;||divi||400&#8243; custom_padding=&#8221;15px|40px|15px|40px|true|true&#8221; locked=&#8221;off&#8221; global_colors_info=&#8221;{}&#8221; button_text_color__hover_enabled=&#8221;on|desktop&#8221; button_bg_color__hover_enabled=&#8221;on|hover&#8221; button_border_width__hover_enabled=&#8221;on|desktop&#8221; button_border_color__hover_enabled=&#8221;on|desktop&#8221; button_text_color__hover=&#8221;#082125&#8243; button_border_color__hover=&#8221;#082125&#8243;][\/et_pb_button][\/et_pb_column][\/et_pb_row][et_pb_row disabled_on=&#8221;off|on|on&#8221; admin_label=&#8221;Phone&#8221; _builder_version=&#8221;4.27.0&#8243; _module_preset=&#8221;default&#8221; custom_margin=&#8221;0px||0px||false|false&#8221; custom_padding=&#8221;0px||0px||false|false&#8221; custom_css_main_element=&#8221;display: flex;||align-items: center;&#8221; global_colors_info=&#8221;{}&#8221;][et_pb_column type=&#8221;4_4&#8243; _builder_version=&#8221;4.27.0&#8243; _module_preset=&#8221;default&#8221; global_colors_info=&#8221;{}&#8221;][et_pb_blurb title=&#8221;Do you need to make a clinical decision?&#8221; content_max_width=&#8221;100%&#8221; _builder_version=&#8221;4.27.0&#8243; _module_preset=&#8221;default&#8221; header_font=&#8221;|600|||||||&#8221; header_text_color=&#8221;#FFFFFF&#8221; header_font_size=&#8221;36px&#8221; body_text_color=&#8221;#000000&#8243; body_font_size=&#8221;20px&#8221; body_line_height=&#8221;1.6em&#8221; custom_padding=&#8221;||1px|||&#8221; text_orientation_tablet=&#8221;center&#8221; text_orientation_phone=&#8221;left&#8221; text_orientation_last_edited=&#8221;on|phone&#8221; global_colors_info=&#8221;{}&#8221;]<\/p>\n<p>EVIMATIC\u00ae \u00e9s la primera eina de salut digital que genera recomanacions de tractament descentralitzades, automatitzades, personalitzades, participatives i explicatives que es presenten en el format de les guies de pr\u00e0ctica cl\u00ednica.<\/p>\n<p>[\/et_pb_blurb][et_pb_button button_url=&#8221;https:\/\/app.evimatic.com\/evimatic\/&#8221; button_text=&#8221;Access Evimatic&#8221; button_alignment=&#8221;left&#8221; _builder_version=&#8221;4.27.0&#8243; _module_preset=&#8221;7d9738c6-71a1-4cdb-bc96-5b919615e76c&#8221; button_text_size=&#8221;18px&#8221; button_font=&#8221;||||||||&#8221; button_icon=&#8221;&#x24;||divi||400&#8243; custom_padding=&#8221;15px|40px|15px|40px|true|true&#8221; locked=&#8221;off&#8221; global_colors_info=&#8221;{}&#8221; button_text_color__hover_enabled=&#8221;on|desktop&#8221; button_bg_color__hover_enabled=&#8221;on|hover&#8221; button_border_width__hover_enabled=&#8221;on|desktop&#8221; button_border_color__hover_enabled=&#8221;on|desktop&#8221; button_text_color__hover=&#8221;#082125&#8243; button_border_color__hover=&#8221;#082125&#8243;][\/et_pb_button][\/et_pb_column][\/et_pb_row][\/et_pb_section][et_pb_section fb_built=&#8221;1&#8243; custom_padding_last_edited=&#8221;on|phone&#8221; admin_label=&#8221;Sponsors&#8221; _builder_version=&#8221;4.27.0&#8243; _module_preset=&#8221;default&#8221; background_color=&#8221;gcid-4dccef5c-a04c-4e7c-abbe-b1e880c58010&#8243; background_image=&#8221;https:\/\/evimatic.com\/wp-content\/uploads\/2024\/02\/health-clinic-25.jpg&#8221; background_blend=&#8221;overlay&#8221; custom_padding=&#8221;2vw||2vw||true|false&#8221; custom_padding_tablet=&#8221;2vw||2vw||true|false&#8221; custom_padding_phone=&#8221;4vw||4vw||true|false&#8221; da_disable_devices=&#8221;off|off|off&#8221; global_module=&#8221;94&#8243; saved_tabs=&#8221;all&#8221; collapsed=&#8221;on&#8221; global_colors_info=&#8221;{%22gcid-4dccef5c-a04c-4e7c-abbe-b1e880c58010%22:%91%22background_color%22%93}&#8221; da_is_popup=&#8221;off&#8221; da_exit_intent=&#8221;off&#8221; da_has_close=&#8221;on&#8221; da_alt_close=&#8221;off&#8221; da_dark_close=&#8221;off&#8221; da_not_modal=&#8221;on&#8221; da_is_singular=&#8221;off&#8221; da_with_loader=&#8221;off&#8221; da_has_shadow=&#8221;on&#8221;][et_pb_row _builder_version=&#8221;4.24.0&#8243; _module_preset=&#8221;default&#8221; max_width=&#8221;100%&#8221; custom_margin=&#8221;||0px||false|false&#8221; custom_padding=&#8221;0px||0px||false|false&#8221; global_colors_info=&#8221;{}&#8221;][et_pb_column type=&#8221;4_4&#8243; _builder_version=&#8221;4.19.5&#8243; _module_preset=&#8221;default&#8221; global_colors_info=&#8221;{}&#8221;][et_pb_icon font_icon=&#8221;&#xe60f;||divi||400&#8243; icon_color=&#8221;#66CC9A&#8221; icon_width=&#8221;44px&#8221; _builder_version=&#8221;4.24.0&#8243; _module_preset=&#8221;default&#8221; custom_margin=&#8221;23px||5px||false|false&#8221; custom_padding=&#8221;||0px|||&#8221; global_colors_info=&#8221;{}&#8221;][\/et_pb_icon][et_pb_text _builder_version=&#8221;4.27.0&#8243; _module_preset=&#8221;85e395db-2a80-483f-934a-ce66fa7f0748&#8243; text_text_color=&#8221;#66CC9A&#8221; header_2_font=&#8221;||||||||&#8221; header_2_text_align=&#8221;center&#8221; header_2_text_color=&#8221;#66CC9A&#8221; header_2_font_size=&#8221;48px&#8221; custom_margin=&#8221;||10px||false|false&#8221; header_2_font_size_tablet=&#8221;&#8221; header_2_font_size_phone=&#8221;36px&#8221; header_2_font_size_last_edited=&#8221;on|phone&#8221; global_colors_info=&#8221;{}&#8221;]<\/p>\n<h2><span>Patrocinadors i col\u00b7laboradors<\/span><\/h2>\n<p>[\/et_pb_text][\/et_pb_column][\/et_pb_row][et_pb_row column_structure=&#8221;1_6,1_6,1_6,1_6,1_6,1_6&#8243; use_custom_gutter=&#8221;on&#8221; _builder_version=&#8221;4.24.0&#8243; _module_preset=&#8221;default&#8221; width_tablet=&#8221;&#8221; width_phone=&#8221;50%&#8221; width_last_edited=&#8221;on|phone&#8221; max_width=&#8221;100%&#8221; custom_margin=&#8221;0px||0px||true|false&#8221; custom_padding=&#8221;0px||0px||false|false&#8221; module_alignment_tablet=&#8221;&#8221; module_alignment_phone=&#8221;center&#8221; module_alignment_last_edited=&#8221;on|desktop&#8221; global_colors_info=&#8221;{}&#8221; gutter_width__hover_enabled=&#8221;on|desktop&#8221;][et_pb_column type=&#8221;1_6&#8243; _builder_version=&#8221;4.24.0&#8243; _module_preset=&#8221;default&#8221; global_colors_info=&#8221;{}&#8221;][et_pb_image src=&#8221;https:\/\/evimatic.com\/wp-content\/uploads\/2024\/02\/Logo_ISCIII.png&#8221; title_text=&#8221;Logo_ISCIII&#8221; url=&#8221;https:\/\/www.ciencia.gob.es\/ca\/;jsessionid=8302CFB576D4B44BF86D3623BB6B62F3.2&#8243; url_new_window=&#8221;on&#8221; align_tablet=&#8221;&#8221; align_phone=&#8221;center&#8221; align_last_edited=&#8221;on|phone&#8221; admin_label=&#8221;Ministerio&#8221; _builder_version=&#8221;4.24.0&#8243; _module_preset=&#8221;default&#8221; global_colors_info=&#8221;{}&#8221;][\/et_pb_image][\/et_pb_column][et_pb_column type=&#8221;1_6&#8243; _builder_version=&#8221;4.24.0&#8243; _module_preset=&#8221;default&#8221; global_colors_info=&#8221;{}&#8221;][et_pb_image src=&#8221;https:\/\/evimatic.com\/wp-content\/uploads\/2024\/02\/Universitat-Girona.png&#8221; title_text=&#8221;Universitat-Girona&#8221; url=&#8221;https:\/\/www.udg.edu\/ca\/&#8221; url_new_window=&#8221;on&#8221; align_tablet=&#8221;&#8221; align_phone=&#8221;center&#8221; align_last_edited=&#8221;on|phone&#8221; admin_label=&#8221;Universitat Girona&#8221; _builder_version=&#8221;4.24.0&#8243; _module_preset=&#8221;default&#8221; global_colors_info=&#8221;{}&#8221;][\/et_pb_image][\/et_pb_column][et_pb_column type=&#8221;1_6&#8243; _builder_version=&#8221;4.24.0&#8243; _module_preset=&#8221;default&#8221; global_colors_info=&#8221;{}&#8221;][et_pb_image src=&#8221;https:\/\/evimatic.com\/wp-content\/uploads\/2024\/02\/Universitat-Girona-Campus-Salut.png&#8221; title_text=&#8221;Universitat-Girona-Campus-Salut&#8221; url=&#8221;https:\/\/www.udg.edu\/ca\/campussalut&#8221; url_new_window=&#8221;on&#8221; align_tablet=&#8221;&#8221; align_phone=&#8221;center&#8221; align_last_edited=&#8221;on|phone&#8221; admin_label=&#8221;Campus salut&#8221; _builder_version=&#8221;4.24.0&#8243; _module_preset=&#8221;default&#8221; global_colors_info=&#8221;{}&#8221;][\/et_pb_image][\/et_pb_column][et_pb_column type=&#8221;1_6&#8243; _builder_version=&#8221;4.24.0&#8243; _module_preset=&#8221;default&#8221; global_colors_info=&#8221;{}&#8221;][et_pb_image src=&#8221;https:\/\/evimatic.com\/wp-content\/uploads\/2024\/02\/Colegi-Metges-Girona.png&#8221; title_text=&#8221;Colegi-Metges-Girona&#8221; url=&#8221;https:\/\/www.comg.cat\/ca&#8221; url_new_window=&#8221;on&#8221; align_tablet=&#8221;&#8221; align_phone=&#8221;center&#8221; align_last_edited=&#8221;on|phone&#8221; admin_label=&#8221;Comg&#8221; _builder_version=&#8221;4.24.0&#8243; _module_preset=&#8221;default&#8221; global_colors_info=&#8221;{}&#8221;][\/et_pb_image][\/et_pb_column][et_pb_column type=&#8221;1_6&#8243; _builder_version=&#8221;4.24.0&#8243; _module_preset=&#8221;default&#8221; global_colors_info=&#8221;{}&#8221;][et_pb_image src=&#8221;https:\/\/evimatic.com\/wp-content\/uploads\/2024\/02\/Fundacio-Pascual.png&#8221; title_text=&#8221;Fundacio-Pascual&#8221; url=&#8221;https:\/\/www.comg.cat\/ca\/73-fundacio-pascual-i-prats&#8221; url_new_window=&#8221;on&#8221; align_tablet=&#8221;&#8221; align_phone=&#8221;center&#8221; align_last_edited=&#8221;on|phone&#8221; admin_label=&#8221;Fundacio Pascual Prats&#8221; _builder_version=&#8221;4.24.0&#8243; _module_preset=&#8221;default&#8221; global_colors_info=&#8221;{}&#8221;][\/et_pb_image][\/et_pb_column][et_pb_column type=&#8221;1_6&#8243; _builder_version=&#8221;4.24.0&#8243; _module_preset=&#8221;default&#8221; global_colors_info=&#8221;{}&#8221;][et_pb_image src=&#8221;https:\/\/evimatic.com\/wp-content\/uploads\/2024\/02\/iAS.png&#8221; title_text=&#8221;iAS&#8221; url=&#8221;http:\/\/www.ias.cat\/&#8221; url_new_window=&#8221;on&#8221; align_tablet=&#8221;&#8221; align_phone=&#8221;center&#8221; align_last_edited=&#8221;on|phone&#8221; admin_label=&#8221;Ministerio&#8221; _builder_version=&#8221;4.24.0&#8243; _module_preset=&#8221;default&#8221; global_colors_info=&#8221;{}&#8221;][\/et_pb_image][\/et_pb_column][\/et_pb_row][et_pb_row column_structure=&#8221;1_6,1_6,1_6,1_6,1_6,1_6&#8243; _builder_version=&#8221;4.24.0&#8243; _module_preset=&#8221;default&#8221; width_tablet=&#8221;&#8221; width_phone=&#8221;50%&#8221; width_last_edited=&#8221;on|phone&#8221; max_width=&#8221;100%&#8221; custom_margin=&#8221;0px||0px||true|false&#8221; custom_padding=&#8221;0px||0px||false|false&#8221; global_colors_info=&#8221;{}&#8221;][et_pb_column type=&#8221;1_6&#8243; _builder_version=&#8221;4.24.0&#8243; _module_preset=&#8221;default&#8221; global_colors_info=&#8221;{}&#8221;][et_pb_image src=&#8221;https:\/\/evimatic.com\/wp-content\/uploads\/2024\/02\/TDApp-eada-logo.png&#8221; title_text=&#8221;TDApp-eada-logo&#8221; url=&#8221;https:\/\/www.eada.edu\/ca\/empreses-i-institucions\/investigacio-aplicada\/centre-emprenedors\/map&#8221; url_new_window=&#8221;on&#8221; align_tablet=&#8221;&#8221; align_phone=&#8221;center&#8221; align_last_edited=&#8221;on|phone&#8221; admin_label=&#8221;Universitat Girona&#8221; _builder_version=&#8221;4.27.0&#8243; _module_preset=&#8221;default&#8221; global_colors_info=&#8221;{}&#8221;][\/et_pb_image][\/et_pb_column][et_pb_column type=&#8221;1_6&#8243; _builder_version=&#8221;4.24.0&#8243; _module_preset=&#8221;default&#8221; global_colors_info=&#8221;{}&#8221;][et_pb_image src=&#8221;https:\/\/evimatic.com\/wp-content\/uploads\/2024\/02\/Parc-Sanitari-Sant-Joan-de-Deu.png&#8221; title_text=&#8221;Parc-Sanitari-Sant-Joan-de-Deu&#8221; url=&#8221;https:\/\/www.pssjd.org\/&#8221; url_new_window=&#8221;on&#8221; align_tablet=&#8221;&#8221; align_phone=&#8221;center&#8221; align_last_edited=&#8221;on|phone&#8221; admin_label=&#8221;Campus salut&#8221; _builder_version=&#8221;4.24.0&#8243; _module_preset=&#8221;default&#8221; global_colors_info=&#8221;{}&#8221;][\/et_pb_image][\/et_pb_column][et_pb_column type=&#8221;1_6&#8243; _builder_version=&#8221;4.24.0&#8243; _module_preset=&#8221;default&#8221; global_colors_info=&#8221;{}&#8221;][et_pb_image src=&#8221;https:\/\/evimatic.com\/wp-content\/uploads\/2024\/02\/Centro-Cochrane.png&#8221; title_text=&#8221;Centro-Cochrane&#8221; url=&#8221;https:\/\/es.cochrane.org\/es&#8221; url_new_window=&#8221;on&#8221; align_tablet=&#8221;&#8221; align_phone=&#8221;center&#8221; align_last_edited=&#8221;on|phone&#8221; admin_label=&#8221;Comg&#8221; _builder_version=&#8221;4.24.0&#8243; _module_preset=&#8221;default&#8221; global_colors_info=&#8221;{}&#8221;][\/et_pb_image][\/et_pb_column][et_pb_column type=&#8221;1_6&#8243; _builder_version=&#8221;4.24.0&#8243; _module_preset=&#8221;default&#8221; global_colors_info=&#8221;{}&#8221;][et_pb_image src=&#8221;https:\/\/evimatic.com\/wp-content\/uploads\/2024\/02\/IDIBGI-logotip.png&#8221; title_text=&#8221;IDIBGI-logotip&#8221; url=&#8221;https:\/\/idibgi.org\/&#8221; url_new_window=&#8221;on&#8221; align_tablet=&#8221;&#8221; align_phone=&#8221;center&#8221; align_last_edited=&#8221;on|phone&#8221; admin_label=&#8221;Fundacio Pascual Prats&#8221; _builder_version=&#8221;4.24.0&#8243; _module_preset=&#8221;default&#8221; global_colors_info=&#8221;{}&#8221;][\/et_pb_image][\/et_pb_column][et_pb_column type=&#8221;1_6&#8243; _builder_version=&#8221;4.24.0&#8243; _module_preset=&#8221;default&#8221; global_colors_info=&#8221;{}&#8221;][et_pb_image src=&#8221;https:\/\/evimatic.com\/wp-content\/uploads\/2024\/02\/logo-itemas-2021.png&#8221; title_text=&#8221;logo-itemas-2021&#8243; url=&#8221;https:\/\/itemas.org\/&#8221; url_new_window=&#8221;on&#8221; align=&#8221;center&#8221; admin_label=&#8221;Ministerio&#8221; _builder_version=&#8221;4.24.0&#8243; _module_preset=&#8221;default&#8221; width=&#8221;80%&#8221; max_width=&#8221;80%&#8221; custom_margin=&#8221;||||false|false&#8221; custom_padding=&#8221;50px||||false|false&#8221; custom_padding_tablet=&#8221;&#8221; custom_padding_phone=&#8221;0px||||false|false&#8221; custom_padding_last_edited=&#8221;on|desktop&#8221; global_colors_info=&#8221;{}&#8221;][\/et_pb_image][\/et_pb_column][et_pb_column type=&#8221;1_6&#8243; _builder_version=&#8221;4.24.0&#8243; _module_preset=&#8221;default&#8221; global_colors_info=&#8221;{}&#8221;][et_pb_image src=&#8221;https:\/\/evimatic.com\/wp-content\/uploads\/2024\/02\/XarxaTECSAM-logotip.png&#8221; title_text=&#8221;XarxaTECSAM-logotip&#8221; url=&#8221;https:\/\/tecsam.org\/ca\/&#8221; url_new_window=&#8221;on&#8221; align=&#8221;center&#8221; align_tablet=&#8221;&#8221; align_phone=&#8221;center&#8221; align_last_edited=&#8221;on|phone&#8221; admin_label=&#8221;Universitat Girona&#8221; _builder_version=&#8221;4.24.0&#8243; _module_preset=&#8221;default&#8221; width=&#8221;80%&#8221; width_tablet=&#8221;&#8221; width_phone=&#8221;40%&#8221; width_last_edited=&#8221;on|phone&#8221; global_colors_info=&#8221;{}&#8221;][\/et_pb_image][\/et_pb_column][\/et_pb_row][et_pb_row column_structure=&#8221;1_6,1_6,1_6,1_6,1_6,1_6&#8243; _builder_version=&#8221;4.24.0&#8243; _module_preset=&#8221;default&#8221; max_width=&#8221;100%&#8221; custom_margin=&#8221;0px||0px||true|false&#8221; custom_padding=&#8221;0px||0px||false|false&#8221; global_colors_info=&#8221;{}&#8221;][et_pb_column type=&#8221;1_6&#8243; _builder_version=&#8221;4.24.0&#8243; _module_preset=&#8221;default&#8221; global_colors_info=&#8221;{}&#8221;][\/et_pb_column][et_pb_column type=&#8221;1_6&#8243; _builder_version=&#8221;4.24.0&#8243; _module_preset=&#8221;default&#8221; global_colors_info=&#8221;{}&#8221;][\/et_pb_column][et_pb_column type=&#8221;1_6&#8243; _builder_version=&#8221;4.24.0&#8243; _module_preset=&#8221;default&#8221; global_colors_info=&#8221;{}&#8221;][et_pb_image src=&#8221;https:\/\/evimatic.com\/wp-content\/uploads\/2024\/02\/MWC-logotip.png&#8221; title_text=&#8221;MWC-logotip&#8221; url=&#8221;https:\/\/thecollider.tech\/es\/&#8221; url_new_window=&#8221;on&#8221; align_tablet=&#8221;&#8221; align_phone=&#8221;center&#8221; align_last_edited=&#8221;on|phone&#8221; admin_label=&#8221;Campus salut&#8221; _builder_version=&#8221;4.24.0&#8243; _module_preset=&#8221;default&#8221; global_colors_info=&#8221;{}&#8221;][\/et_pb_image][\/et_pb_column][et_pb_column type=&#8221;1_6&#8243; _builder_version=&#8221;4.24.0&#8243; _module_preset=&#8221;default&#8221; global_colors_info=&#8221;{}&#8221;][et_pb_image src=&#8221;https:\/\/evimatic.com\/wp-content\/uploads\/2024\/02\/The-Collider-logotip.png&#8221; title_text=&#8221;The-Collider-logotip&#8221; url=&#8221;https:\/\/thecollider.tech\/es\/&#8221; url_new_window=&#8221;on&#8221; align_tablet=&#8221;&#8221; align_phone=&#8221;center&#8221; align_last_edited=&#8221;on|phone&#8221; admin_label=&#8221;Comg&#8221; _builder_version=&#8221;4.24.0&#8243; _module_preset=&#8221;default&#8221; global_colors_info=&#8221;{}&#8221;][\/et_pb_image][\/et_pb_column][et_pb_column type=&#8221;1_6&#8243; _builder_version=&#8221;4.24.0&#8243; _module_preset=&#8221;default&#8221; global_colors_info=&#8221;{}&#8221;][\/et_pb_column][et_pb_column type=&#8221;1_6&#8243; _builder_version=&#8221;4.24.0&#8243; _module_preset=&#8221;default&#8221; global_colors_info=&#8221;{}&#8221;][\/et_pb_column][\/et_pb_row][\/et_pb_section]<\/p>","protected":false},"excerpt":{"rendered":"<p>General information about ADHDIn these sections the user will be able to access information about ADHD, its repercussions, the available medications and the adverse effects they produce. We hope that this information will be useful in deciding on ADHD treatment preferences.Some medicines used to treat ADHD cause drowsiness, which is the feeling of being sleepy. [&hellip;]<\/p>","protected":false},"author":2,"featured_media":0,"parent":0,"menu_order":0,"comment_status":"closed","ping_status":"closed","template":"","meta":{"_et_pb_use_builder":"on","_et_pb_old_content":"","_et_gb_content_width":"","inline_featured_image":false,"footnotes":""},"class_list":["post-607","page","type-page","status-publish","hentry"],"_links":{"self":[{"href":"https:\/\/evimatic.com\/ca\/wp-json\/wp\/v2\/pages\/607","targetHints":{"allow":["GET"]}}],"collection":[{"href":"https:\/\/evimatic.com\/ca\/wp-json\/wp\/v2\/pages"}],"about":[{"href":"https:\/\/evimatic.com\/ca\/wp-json\/wp\/v2\/types\/page"}],"author":[{"embeddable":true,"href":"https:\/\/evimatic.com\/ca\/wp-json\/wp\/v2\/users\/2"}],"replies":[{"embeddable":true,"href":"https:\/\/evimatic.com\/ca\/wp-json\/wp\/v2\/comments?post=607"}],"version-history":[{"count":4,"href":"https:\/\/evimatic.com\/ca\/wp-json\/wp\/v2\/pages\/607\/revisions"}],"predecessor-version":[{"id":881,"href":"https:\/\/evimatic.com\/ca\/wp-json\/wp\/v2\/pages\/607\/revisions\/881"}],"wp:attachment":[{"href":"https:\/\/evimatic.com\/ca\/wp-json\/wp\/v2\/media?parent=607"}],"curies":[{"name":"wp","href":"https:\/\/api.w.org\/{rel}","templated":true}]}}