{"id":106,"date":"2024-02-20T16:47:58","date_gmt":"2024-02-20T16:47:58","guid":{"rendered":"https:\/\/evimatic.tandem.ws\/?page_id=106"},"modified":"2024-02-22T09:58:16","modified_gmt":"2024-02-22T09:58:16","slug":"team","status":"publish","type":"page","link":"https:\/\/evimatic.com\/es\/equipo\/","title":{"rendered":"Equipo"},"content":{"rendered":"<p>[et_pb_section fb_built=&#8221;1&#8243; admin_label=&#8221;Header&#8221; _builder_version=&#8221;4.24.0&#8243; _module_preset=&#8221;default&#8221; background_color=&#8221;gcid-4dccef5c-a04c-4e7c-abbe-b1e880c58010&#8243; background_image=&#8221;https:\/\/evimatic.com\/wp-content\/uploads\/2024\/02\/cerca-equipo-trabajadores-salud_23-2149112524.jpeg&#8221; background_blend=&#8221;overlay&#8221; custom_padding=&#8221;10px||10px||false|false&#8221; collapsed=&#8221;off&#8221; global_colors_info=&#8221;{%22gcid-4dccef5c-a04c-4e7c-abbe-b1e880c58010%22:%91%22background_color%22%93}&#8221; da_is_popup=&#8221;off&#8221; da_exit_intent=&#8221;off&#8221; da_has_close=&#8221;on&#8221; da_alt_close=&#8221;off&#8221; da_dark_close=&#8221;off&#8221; da_not_modal=&#8221;on&#8221; da_is_singular=&#8221;off&#8221; da_with_loader=&#8221;off&#8221; da_has_shadow=&#8221;on&#8221; da_disable_devices=&#8221;off|off|off&#8221;][et_pb_row _builder_version=&#8221;4.24.0&#8243; _module_preset=&#8221;default&#8221; custom_padding=&#8221;20px||20px||false|false&#8221; global_colors_info=&#8221;{}&#8221;][et_pb_column type=&#8221;4_4&#8243; _builder_version=&#8221;4.19.5&#8243; _module_preset=&#8221;default&#8221; global_colors_info=&#8221;{}&#8221;][et_pb_text _builder_version=&#8221;4.24.0&#8243; _module_preset=&#8221;e35e6f3d-d732-4389-93ae-c763786a5d42&#8243; header_font=&#8221;||||||||&#8221; header_text_color=&#8221;#66CC9A&#8221; header_font_size=&#8221;60px&#8221; text_orientation=&#8221;center&#8221; custom_margin=&#8221;||10px||false|false&#8221; header_text_align_tablet=&#8221;&#8221; header_text_align_phone=&#8221;left&#8221; header_text_align_last_edited=&#8221;on|phone&#8221; header_font_size_tablet=&#8221;&#8221; header_font_size_phone=&#8221;36px&#8221; header_font_size_last_edited=&#8221;on|phone&#8221; global_colors_info=&#8221;{}&#8221;]<\/p>\n<h1>Equipo<\/h1>\n<p>[\/et_pb_text][et_pb_text _builder_version=&#8221;4.24.0&#8243; _module_preset=&#8221;a82a8625-787d-4c41-b0a0-974f159f4e25&#8243; text_text_color=&#8221;#FFFFFF&#8221; text_font_size=&#8221;22px&#8221; text_line_height=&#8221;1.7em&#8221; text_orientation=&#8221;center&#8221; custom_margin=&#8221;0px||0px||false|false&#8221; custom_padding=&#8221;||||false|false&#8221; text_font_size_phone=&#8221;18px&#8221; text_line_height_tablet=&#8221;1.7em&#8221; text_line_height_phone=&#8221;24px&#8221; text_line_height_last_edited=&#8221;on|phone&#8221; text_orientation_tablet=&#8221;center&#8221; text_orientation_phone=&#8221;left&#8221; text_orientation_last_edited=&#8221;on|phone&#8221; global_colors_info=&#8221;{}&#8221;]<\/p>\n<p>En nuestro equipo, la colaboraci\u00f3n es clave. Con habilidades diversas y objetivos compartidos, innovamos y nos destacamos juntos.<\/p>\n<p>[\/et_pb_text][\/et_pb_column][\/et_pb_row][\/et_pb_section][et_pb_section fb_built=&#8221;1&#8243; admin_label=&#8221;About&#8221; _builder_version=&#8221;4.24.0&#8243; _module_preset=&#8221;default&#8221; background_color=&#8221;RGBA(255,255,255,0)&#8221; locked=&#8221;off&#8221; collapsed=&#8221;off&#8221; global_colors_info=&#8221;{}&#8221; da_is_popup=&#8221;off&#8221; da_exit_intent=&#8221;off&#8221; da_has_close=&#8221;on&#8221; da_alt_close=&#8221;off&#8221; da_dark_close=&#8221;off&#8221; da_not_modal=&#8221;on&#8221; da_is_singular=&#8221;off&#8221; da_with_loader=&#8221;off&#8221; da_has_shadow=&#8221;on&#8221; da_disable_devices=&#8221;off|off|off&#8221;][et_pb_row column_structure=&#8221;1_3,1_3,1_3&#8243; make_equal=&#8221;on&#8221; _builder_version=&#8221;4.19.5&#8243; _module_preset=&#8221;default&#8221; global_colors_info=&#8221;{}&#8221;][et_pb_column type=&#8221;1_3&#8243; _builder_version=&#8221;4.19.5&#8243; _module_preset=&#8221;default&#8221; global_colors_info=&#8221;{}&#8221;][et_pb_image src=&#8221;https:\/\/evimatic.com\/wp-content\/uploads\/2024\/02\/TDApp-Xavier-Castells.jpg&#8221; title_text=&#8221;TDApp-Xavier-Castells&#8221; _builder_version=&#8221;4.24.0&#8243; _module_preset=&#8221;default&#8221; border_radii=&#8221;on|10px|10px|10px|10px&#8221; global_colors_info=&#8221;{}&#8221;][\/et_pb_image][et_pb_blurb title=&#8221;Xavier Castells Cervell\u00f3&#8221; _builder_version=&#8221;4.24.0&#8243; _module_preset=&#8221;default&#8221; header_font=&#8221;|600|||||||&#8221; header_text_color=&#8221;#66CC9A&#8221; header_font_size=&#8221;26px&#8221; body_line_height=&#8221;30px&#8221; global_colors_info=&#8221;{}&#8221;]<\/p>\n<p><span>Soy el director del grupo de investigaci\u00f3n Translab de la Universitat de Girona. Investigo sobre la relaci\u00f3n riesgo-beneficio de los medicamentos y la toma de decisiones compartida.<\/span><\/p>\n<p>[\/et_pb_blurb][et_pb_blurb title=&#8221;External link&#8221; use_icon=&#8221;on&#8221; font_icon=&#8221;&#xf0c1;||fa||900&#8243; icon_color=&#8221;#FFFFFF&#8221; image_icon_background_color=&#8221;#66CC9A&#8221; icon_placement=&#8221;left&#8221; image_icon_width=&#8221;18px&#8221; admin_label=&#8221;External link&#8221; _builder_version=&#8221;4.24.0&#8243; _module_preset=&#8221;default&#8221; header_font=&#8221;Work Sans||||||||&#8221; header_text_color=&#8221;#66CC9A&#8221; body_font=&#8221;Work Sans||||||||&#8221; image_icon_custom_padding=&#8221;10px|10px|10px|10px|true|true&#8221; custom_padding=&#8221;||||false|false&#8221; link_option_url=&#8221;https:\/\/www.linkedin.com\/in\/xavier-castells-93aa827\/ &#8221; link_option_url_new_window=&#8221;on&#8221; custom_css_blurb_title=&#8221;padding-top: 10px&#8221; border_radii_image=&#8221;on|20px|20px|20px|20px&#8221; global_colors_info=&#8221;{}&#8221;][\/et_pb_blurb][et_pb_image src=&#8221;https:\/\/evimatic.com\/wp-content\/uploads\/2024\/02\/health-clinic-2.png&#8221; title_text=&#8221;health-clinic-2&#8243; admin_label=&#8221;Trama&#8221; _builder_version=&#8221;4.24.0&#8243; _module_preset=&#8221;default&#8221; positioning=&#8221;absolute&#8221; position_origin_a=&#8221;top_right&#8221; vertical_offset=&#8221;-7%&#8221; horizontal_offset=&#8221;14%&#8221; width=&#8221;30%&#8221; global_colors_info=&#8221;{}&#8221;][\/et_pb_image][et_pb_image src=&#8221;https:\/\/evimatic.com\/wp-content\/uploads\/2024\/02\/health-clinic-2.png&#8221; title_text=&#8221;health-clinic-2&#8243; admin_label=&#8221;Trama&#8221; _builder_version=&#8221;4.24.0&#8243; _module_preset=&#8221;default&#8221; positioning=&#8221;absolute&#8221; position_origin_a=&#8221;bottom_left&#8221; vertical_offset=&#8221;-33%&#8221; horizontal_offset=&#8221;-10%&#8221; width=&#8221;30%&#8221; scroll_vertical_motion_enable=&#8221;on&#8221; scroll_vertical_motion=&#8221;0|50|50|100|1|0|-1&#8243; locked=&#8221;off&#8221; global_colors_info=&#8221;{}&#8221;][\/et_pb_image][\/et_pb_column][et_pb_column type=&#8221;1_3&#8243; _builder_version=&#8221;4.19.5&#8243; _module_preset=&#8221;default&#8221; global_colors_info=&#8221;{}&#8221;][et_pb_image src=&#8221;https:\/\/evimatic.com\/wp-content\/uploads\/2024\/02\/Beatriz_Lopez_BN.jpg&#8221; title_text=&#8221;Beatriz_Lopez_BN&#8221; _builder_version=&#8221;4.24.0&#8243; _module_preset=&#8221;default&#8221; border_radii=&#8221;on|10px|10px|10px|10px&#8221; global_colors_info=&#8221;{}&#8221;][\/et_pb_image][et_pb_blurb title=&#8221;Beatriz L\u00f3pez Ib\u00e1\u00f1ez&#8221; _builder_version=&#8221;4.24.0&#8243; _module_preset=&#8221;default&#8221; header_font=&#8221;|600|||||||&#8221; header_text_color=&#8221;#66CC9A&#8221; header_font_size=&#8221;26px&#8221; body_line_height=&#8221;30px&#8221; global_colors_info=&#8221;{}&#8221;]<\/p>\n<p><span>Soy profesora de la Universitat de Girona y lidero la investigaci\u00f3n en Medicina y Salud del grupo eXiT. Hago investigaci\u00f3n sobre Inteligencia Artificial para apoyar la toma de decisiones cl\u00ednicas y empoderar a las personas con problemas de salud.<\/span><\/p>\n<p>[\/et_pb_blurb][et_pb_blurb title=&#8221;External link&#8221; use_icon=&#8221;on&#8221; font_icon=&#8221;&#xf0c1;||fa||900&#8243; icon_color=&#8221;#FFFFFF&#8221; image_icon_background_color=&#8221;#66CC9A&#8221; icon_placement=&#8221;left&#8221; image_icon_width=&#8221;18px&#8221; admin_label=&#8221;External link&#8221; _builder_version=&#8221;4.24.0&#8243; _module_preset=&#8221;default&#8221; header_font=&#8221;Work Sans||||||||&#8221; header_text_color=&#8221;#66CC9A&#8221; body_font=&#8221;Work Sans||||||||&#8221; image_icon_custom_padding=&#8221;10px|10px|10px|10px|true|true&#8221; custom_padding=&#8221;||||false|false&#8221; link_option_url=&#8221;http:\/\/eia.udg.edu\/~blopez\/&#8221; link_option_url_new_window=&#8221;on&#8221; custom_css_blurb_title=&#8221;padding-top: 10px&#8221; border_radii_image=&#8221;on|20px|20px|20px|20px&#8221; global_colors_info=&#8221;{}&#8221;][\/et_pb_blurb][\/et_pb_column][et_pb_column type=&#8221;1_3&#8243; _builder_version=&#8221;4.19.5&#8243; _module_preset=&#8221;default&#8221; global_colors_info=&#8221;{}&#8221;][et_pb_image src=&#8221;https:\/\/evimatic.com\/wp-content\/uploads\/2024\/02\/TDApp-Domenec-Serrano.jpg&#8221; title_text=&#8221;TDApp-Domenec-Serrano&#8221; _builder_version=&#8221;4.24.0&#8243; _module_preset=&#8221;default&#8221; border_radii=&#8221;on|10px|10px|10px|10px&#8221; global_colors_info=&#8221;{}&#8221;][\/et_pb_image][et_pb_blurb title=&#8221;Dom\u00e8nec Serrano Sarbosa&#8221; _builder_version=&#8221;4.24.0&#8243; _module_preset=&#8221;default&#8221; header_font=&#8221;|600|||||||&#8221; header_text_color=&#8221;#66CC9A&#8221; header_font_size=&#8221;26px&#8221; body_line_height=&#8221;30px&#8221; global_colors_info=&#8221;{}&#8221;]<\/p>\n<p>Soy psiquiatra y m\u00e9dico por la Universitat Aut\u00f3noma de Barcelona. Soy jefe del Servicio de Hospitalizaci\u00f3n de Psiquiatr\u00eda de Agudos del Parque Hospitalario Mart\u00ed i Juli\u00e0. Adem\u00e1s, soy profesor y coordinador de la asignatura de comportamiento humano en la Facultad de Medicina de la UdG.<\/p>\n<p>[\/et_pb_blurb][et_pb_image src=&#8221;https:\/\/evimatic.com\/wp-content\/uploads\/2024\/02\/health-clinic-2.png&#8221; title_text=&#8221;health-clinic-2&#8243; admin_label=&#8221;Trama&#8221; _builder_version=&#8221;4.24.0&#8243; _module_preset=&#8221;default&#8221; positioning=&#8221;absolute&#8221; position_origin_a=&#8221;top_right&#8221; vertical_offset=&#8221;-7%&#8221; horizontal_offset=&#8221;14%&#8221; width=&#8221;30%&#8221; global_colors_info=&#8221;{}&#8221;][\/et_pb_image][\/et_pb_column][\/et_pb_row][et_pb_row column_structure=&#8221;1_3,1_3,1_3&#8243; make_equal=&#8221;on&#8221; _builder_version=&#8221;4.19.5&#8243; _module_preset=&#8221;default&#8221; global_colors_info=&#8221;{}&#8221;][et_pb_column type=&#8221;1_3&#8243; _builder_version=&#8221;4.19.5&#8243; _module_preset=&#8221;default&#8221; global_colors_info=&#8221;{}&#8221;][et_pb_image src=&#8221;https:\/\/evimatic.com\/wp-content\/uploads\/2024\/02\/TDApp-David-Rigau.jpg&#8221; title_text=&#8221;TDApp-David-Rigau&#8221; admin_label=&#8221;Foto&#8221; _builder_version=&#8221;4.24.0&#8243; _module_preset=&#8221;default&#8221; border_radii=&#8221;on|10px|10px|10px|10px&#8221; global_colors_info=&#8221;{}&#8221;][\/et_pb_image][et_pb_blurb title=&#8221;David Rigau&#8221; _builder_version=&#8221;4.24.0&#8243; _module_preset=&#8221;default&#8221; header_font=&#8221;|600|||||||&#8221; header_text_color=&#8221;#66CC9A&#8221; header_font_size=&#8221;26px&#8221; body_line_height=&#8221;30px&#8221; global_colors_info=&#8221;{}&#8221;]<\/p>\n<p>Soy m\u00e9dico especialista en farmacolog\u00eda cl\u00ednica y profesor asociado de la Facultad de Medicina de la UdG. En el Centro Cochrane Iberoamericano-Instituto de Investigaci\u00f3n Sant Pau particpo en la elaboraci\u00f3n de varias gu\u00edas de pr\u00e1ctica cl\u00ednica nacionales e internacionales. Hago investigaci\u00f3n sobre los factores que influyen en las recomendaciones cl\u00ednicas.<\/p>\n<p>[\/et_pb_blurb][\/et_pb_column][et_pb_column type=&#8221;1_3&#8243; _builder_version=&#8221;4.19.5&#8243; _module_preset=&#8221;default&#8221; global_colors_info=&#8221;{}&#8221;][et_pb_image src=&#8221;https:\/\/evimatic.com\/wp-content\/uploads\/2024\/02\/TDApp-Sandra-Gelabert.jpg&#8221; title_text=&#8221;TDApp-Sandra-Gelabert&#8221; admin_label=&#8221;Foto&#8221; _builder_version=&#8221;4.24.0&#8243; _module_preset=&#8221;default&#8221; border_radii=&#8221;on|10px|10px|10px|10px&#8221; global_colors_info=&#8221;{}&#8221;][\/et_pb_image][et_pb_blurb title=&#8221;Sandra Gelabert&#8221; _builder_version=&#8221;4.24.0&#8243; _module_preset=&#8221;default&#8221; header_font=&#8221;|600|||||||&#8221; header_text_color=&#8221;#66CC9A&#8221; header_font_size=&#8221;26px&#8221; body_line_height=&#8221;30px&#8221; global_colors_info=&#8221;{}&#8221;]<\/p>\n<p><span>Soy enfermera, directora del Departamento de Enfermer\u00eda y miembro del grupo de investigaci\u00f3n Salud y Atenci\u00f3n Sanitaria de la Universitat de Girona. Hago investigaci\u00f3n sobre promoci\u00f3n de la salud, empoderamiento y alfabetizaci\u00f3n en salud de personas con problemas de salud mental y calidad docente.<\/span><\/p>\n<p>[\/et_pb_blurb][et_pb_blurb title=&#8221;External link&#8221; use_icon=&#8221;on&#8221; font_icon=&#8221;&#xf0c1;||fa||900&#8243; icon_color=&#8221;#FFFFFF&#8221; image_icon_background_color=&#8221;#66CC9A&#8221; icon_placement=&#8221;left&#8221; image_icon_width=&#8221;18px&#8221; admin_label=&#8221;External link&#8221; _builder_version=&#8221;4.24.0&#8243; _module_preset=&#8221;default&#8221; header_font=&#8221;Work Sans||||||||&#8221; header_text_color=&#8221;#66CC9A&#8221; body_font=&#8221;Work Sans||||||||&#8221; image_icon_custom_padding=&#8221;10px|10px|10px|10px|true|true&#8221; custom_padding=&#8221;||||false|false&#8221; link_option_url=&#8221;https:\/\/www.udg.edu\/ca\/directori\/pagina-personal?ID=2002795&#038;language=en-US&#8221; link_option_url_new_window=&#8221;on&#8221; custom_css_blurb_title=&#8221;padding-top: 10px&#8221; border_radii_image=&#8221;on|20px|20px|20px|20px&#8221; global_colors_info=&#8221;{}&#8221;][\/et_pb_blurb][\/et_pb_column][et_pb_column type=&#8221;1_3&#8243; _builder_version=&#8221;4.19.5&#8243; _module_preset=&#8221;default&#8221; global_colors_info=&#8221;{}&#8221;][et_pb_image src=&#8221;https:\/\/evimatic.com\/wp-content\/uploads\/2024\/02\/TDApp-Oscar-Raya.jpg&#8221; title_text=&#8221;TDApp-Oscar-Raya&#8221; _builder_version=&#8221;4.24.0&#8243; _module_preset=&#8221;default&#8221; border_radii=&#8221;on|10px|10px|10px|10px&#8221; global_colors_info=&#8221;{}&#8221;][\/et_pb_image][et_pb_blurb title=&#8221;\u00d2scar Raya&#8221; _builder_version=&#8221;4.24.0&#8243; _module_preset=&#8221;default&#8221; header_font=&#8221;|600|||||||&#8221; header_text_color=&#8221;#66CC9A&#8221; header_font_size=&#8221;26px&#8221; body_line_height=&#8221;30px&#8221; global_colors_info=&#8221;{}&#8221;]<\/p>\n<p><span>Soy ingeniero inform\u00e1tico, estudiante de doctorado en la Universidad de Girona y miembro del grupo de investigaci\u00f3n eXiT. Mi investigaci\u00f3n se centra en la toma de decisiones cl\u00ednicas mediante Inteligencia Artificial.<\/span><\/p>\n<p>[\/et_pb_blurb][et_pb_image src=&#8221;https:\/\/evimatic.com\/wp-content\/uploads\/2024\/02\/health-clinic-2.png&#8221; title_text=&#8221;health-clinic-2&#8243; admin_label=&#8221;Trama&#8221; _builder_version=&#8221;4.24.0&#8243; _module_preset=&#8221;default&#8221; positioning=&#8221;absolute&#8221; position_origin_a=&#8221;top_right&#8221; vertical_offset=&#8221;-7%&#8221; horizontal_offset=&#8221;14%&#8221; width=&#8221;30%&#8221; global_colors_info=&#8221;{}&#8221;][\/et_pb_image][\/et_pb_column][\/et_pb_row][et_pb_row column_structure=&#8221;1_3,1_3,1_3&#8243; make_equal=&#8221;on&#8221; _builder_version=&#8221;4.19.5&#8243; _module_preset=&#8221;default&#8221; global_colors_info=&#8221;{}&#8221;][et_pb_column type=&#8221;1_3&#8243; _builder_version=&#8221;4.19.5&#8243; _module_preset=&#8221;default&#8221; global_colors_info=&#8221;{}&#8221;][\/et_pb_column][et_pb_column type=&#8221;1_3&#8243; _builder_version=&#8221;4.19.5&#8243; _module_preset=&#8221;default&#8221; global_colors_info=&#8221;{}&#8221;][et_pb_image src=&#8221;https:\/\/evimatic.com\/wp-content\/uploads\/2024\/02\/health-clinic-2.png&#8221; title_text=&#8221;health-clinic-2&#8243; admin_label=&#8221;Trama&#8221; _builder_version=&#8221;4.24.2&#8243; _module_preset=&#8221;default&#8221; positioning=&#8221;absolute&#8221; position_origin_a=&#8221;bottom_left&#8221; vertical_offset=&#8221;70%&#8221; horizontal_offset=&#8221;-8%&#8221; width=&#8221;30%&#8221; scroll_vertical_motion_enable=&#8221;on&#8221; scroll_vertical_motion=&#8221;0|50|50|100|1|0|-1&#8243; hover_enabled=&#8221;0&#8243; locked=&#8221;off&#8221; global_colors_info=&#8221;{}&#8221; sticky_enabled=&#8221;0&#8243;][\/et_pb_image][et_pb_image src=&#8221;https:\/\/evimatic.com\/wp-content\/uploads\/2024\/02\/TDApp-David-Ramirez.jpg&#8221; title_text=&#8221;TDApp-David-Ramirez&#8221; admin_label=&#8221;Foto&#8221; _builder_version=&#8221;4.24.0&#8243; _module_preset=&#8221;default&#8221; border_radii=&#8221;on|10px|10px|10px|10px&#8221; global_colors_info=&#8221;{}&#8221;][\/et_pb_image][et_pb_blurb title=&#8221;David Ram\u00edrez&#8221; _builder_version=&#8221;4.24.0&#8243; _module_preset=&#8221;default&#8221; header_font=&#8221;|600|||||||&#8221; header_text_color=&#8221;#66CC9A&#8221; header_font_size=&#8221;26px&#8221; body_line_height=&#8221;30px&#8221; global_colors_info=&#8221;{}&#8221;]<\/p>\n<p><span>Soy m\u00e9dico, investigador predoctoral del grupo de investigaci\u00f3n TransLab de la Universidad de Girona, as\u00ed como m\u00e9dico residente de Farmacolog\u00eda Cl\u00ednica en el Hospital Universitario Vall d\u2019Hebron. Hago investigaci\u00f3n sobre la relaci\u00f3n beneficio-riesgo de los tratamientos en salud mental y la aplicaci\u00f3n de las ciencias de la decisi\u00f3n en el proceso terap\u00e9utico informado y participativo.<\/span><\/p>\n<p>[\/et_pb_blurb][et_pb_blurb title=&#8221;External link&#8221; use_icon=&#8221;on&#8221; font_icon=&#8221;&#xf0c1;||fa||900&#8243; icon_color=&#8221;#FFFFFF&#8221; image_icon_background_color=&#8221;#66CC9A&#8221; icon_placement=&#8221;left&#8221; image_icon_width=&#8221;18px&#8221; admin_label=&#8221;External link&#8221; _builder_version=&#8221;4.24.0&#8243; _module_preset=&#8221;default&#8221; header_font=&#8221;Work Sans||||||||&#8221; header_text_color=&#8221;#66CC9A&#8221; body_font=&#8221;Work Sans||||||||&#8221; image_icon_custom_padding=&#8221;10px|10px|10px|10px|true|true&#8221; custom_padding=&#8221;||||false|false&#8221; link_option_url=&#8221;https:\/\/www.linkedin.com\/in\/david-ramirez-saco\/?originalSubdomain=es%20&#8243; link_option_url_new_window=&#8221;on&#8221; custom_css_blurb_title=&#8221;padding-top: 10px&#8221; border_radii_image=&#8221;on|20px|20px|20px|20px&#8221; global_colors_info=&#8221;{}&#8221;][\/et_pb_blurb][\/et_pb_column][et_pb_column type=&#8221;1_3&#8243; _builder_version=&#8221;4.19.5&#8243; _module_preset=&#8221;default&#8221; global_colors_info=&#8221;{}&#8221;][\/et_pb_column][\/et_pb_row][\/et_pb_section][et_pb_section fb_built=&#8221;1&#8243; custom_padding_last_edited=&#8221;on|phone&#8221; admin_label=&#8221;Sponsors&#8221; _builder_version=&#8221;4.24.0&#8243; _module_preset=&#8221;default&#8221; background_color=&#8221;gcid-4dccef5c-a04c-4e7c-abbe-b1e880c58010&#8243; background_image=&#8221;https:\/\/evimatic.com\/wp-content\/uploads\/2024\/02\/health-clinic-25.jpg&#8221; background_blend=&#8221;overlay&#8221; custom_padding=&#8221;2vw||2vw||true|false&#8221; custom_padding_tablet=&#8221;2vw||2vw||true|false&#8221; custom_padding_phone=&#8221;4vw||4vw||true|false&#8221; global_module=&#8221;94&#8243; saved_tabs=&#8221;all&#8221; collapsed=&#8221;on&#8221; global_colors_info=&#8221;{%22gcid-4dccef5c-a04c-4e7c-abbe-b1e880c58010%22:%91%22background_color%22%93}&#8221; da_is_popup=&#8221;off&#8221; da_exit_intent=&#8221;off&#8221; da_has_close=&#8221;on&#8221; da_alt_close=&#8221;off&#8221; da_dark_close=&#8221;off&#8221; da_not_modal=&#8221;on&#8221; da_is_singular=&#8221;off&#8221; da_with_loader=&#8221;off&#8221; da_has_shadow=&#8221;on&#8221; da_disable_devices=&#8221;off|off|off&#8221;][et_pb_row _builder_version=&#8221;4.24.0&#8243; _module_preset=&#8221;default&#8221; max_width=&#8221;100%&#8221; custom_margin=&#8221;||0px||false|false&#8221; custom_padding=&#8221;0px||0px||false|false&#8221; global_colors_info=&#8221;{}&#8221;][et_pb_column type=&#8221;4_4&#8243; _builder_version=&#8221;4.19.5&#8243; _module_preset=&#8221;default&#8221; global_colors_info=&#8221;{}&#8221;][et_pb_icon font_icon=&#8221;&#xe60f;||divi||400&#8243; icon_color=&#8221;#66CC9A&#8221; icon_width=&#8221;44px&#8221; _builder_version=&#8221;4.24.0&#8243; _module_preset=&#8221;default&#8221; custom_margin=&#8221;23px||5px||false|false&#8221; custom_padding=&#8221;||0px|||&#8221; global_colors_info=&#8221;{}&#8221;][\/et_pb_icon][et_pb_text _builder_version=&#8221;4.24.0&#8243; _module_preset=&#8221;85e395db-2a80-483f-934a-ce66fa7f0748&#8243; text_text_color=&#8221;#66CC9A&#8221; header_2_font=&#8221;||||||||&#8221; header_2_text_align=&#8221;center&#8221; header_2_text_color=&#8221;#66CC9A&#8221; header_2_font_size=&#8221;48px&#8221; custom_margin=&#8221;||10px||false|false&#8221; header_2_font_size_tablet=&#8221;&#8221; header_2_font_size_phone=&#8221;36px&#8221; header_2_font_size_last_edited=&#8221;on|phone&#8221; global_colors_info=&#8221;{}&#8221;]<\/p>\n<h2><span>Patrocinadores y colaboradores<\/span><\/h2>\n<p>[\/et_pb_text][\/et_pb_column][\/et_pb_row][et_pb_row column_structure=&#8221;1_5,1_5,1_5,1_5,1_5&#8243; use_custom_gutter=&#8221;on&#8221; _builder_version=&#8221;4.24.0&#8243; _module_preset=&#8221;default&#8221; width_tablet=&#8221;&#8221; width_phone=&#8221;50%&#8221; width_last_edited=&#8221;on|phone&#8221; max_width=&#8221;100%&#8221; custom_margin=&#8221;0px||0px||true|false&#8221; custom_padding=&#8221;0px||0px||false|false&#8221; module_alignment_tablet=&#8221;&#8221; module_alignment_phone=&#8221;center&#8221; module_alignment_last_edited=&#8221;on|desktop&#8221; global_colors_info=&#8221;{}&#8221; gutter_width__hover_enabled=&#8221;on|desktop&#8221;][et_pb_column type=&#8221;1_5&#8243; _builder_version=&#8221;4.24.0&#8243; _module_preset=&#8221;default&#8221; global_colors_info=&#8221;{}&#8221;][et_pb_image src=&#8221;https:\/\/evimatic.com\/wp-content\/uploads\/2024\/02\/Logo_ISCIII.png&#8221; title_text=&#8221;Logo_ISCIII&#8221; url=&#8221;https:\/\/www.ciencia.gob.es\/ca\/;jsessionid=8302CFB576D4B44BF86D3623BB6B62F3.2&#8243; url_new_window=&#8221;on&#8221; align_tablet=&#8221;&#8221; align_phone=&#8221;center&#8221; align_last_edited=&#8221;on|phone&#8221; admin_label=&#8221;Ministerio&#8221; _builder_version=&#8221;4.24.0&#8243; _module_preset=&#8221;default&#8221; global_colors_info=&#8221;{}&#8221;][\/et_pb_image][\/et_pb_column][et_pb_column type=&#8221;1_5&#8243; _builder_version=&#8221;4.24.0&#8243; _module_preset=&#8221;default&#8221; global_colors_info=&#8221;{}&#8221;][et_pb_image src=&#8221;https:\/\/evimatic.com\/wp-content\/uploads\/2024\/02\/Universitat-Girona.png&#8221; title_text=&#8221;Universitat-Girona&#8221; url=&#8221;https:\/\/www.udg.edu\/ca\/&#8221; url_new_window=&#8221;on&#8221; align_tablet=&#8221;&#8221; align_phone=&#8221;center&#8221; align_last_edited=&#8221;on|phone&#8221; admin_label=&#8221;Universitat Girona&#8221; _builder_version=&#8221;4.24.0&#8243; _module_preset=&#8221;default&#8221; global_colors_info=&#8221;{}&#8221;][\/et_pb_image][\/et_pb_column][et_pb_column type=&#8221;1_5&#8243; _builder_version=&#8221;4.24.0&#8243; _module_preset=&#8221;default&#8221; global_colors_info=&#8221;{}&#8221;][et_pb_image src=&#8221;https:\/\/evimatic.com\/wp-content\/uploads\/2024\/02\/Universitat-Girona-Campus-Salut.png&#8221; title_text=&#8221;Universitat-Girona-Campus-Salut&#8221; url=&#8221;https:\/\/www.udg.edu\/ca\/campussalut&#8221; url_new_window=&#8221;on&#8221; align_tablet=&#8221;&#8221; align_phone=&#8221;center&#8221; align_last_edited=&#8221;on|phone&#8221; admin_label=&#8221;Campus salut&#8221; _builder_version=&#8221;4.24.0&#8243; _module_preset=&#8221;default&#8221; global_colors_info=&#8221;{}&#8221;][\/et_pb_image][\/et_pb_column][et_pb_column type=&#8221;1_5&#8243; _builder_version=&#8221;4.24.0&#8243; _module_preset=&#8221;default&#8221; global_colors_info=&#8221;{}&#8221;][et_pb_image src=&#8221;https:\/\/evimatic.com\/wp-content\/uploads\/2024\/02\/Colegi-Metges-Girona.png&#8221; title_text=&#8221;Colegi-Metges-Girona&#8221; url=&#8221;https:\/\/www.comg.cat\/ca&#8221; url_new_window=&#8221;on&#8221; align_tablet=&#8221;&#8221; align_phone=&#8221;center&#8221; align_last_edited=&#8221;on|phone&#8221; admin_label=&#8221;Comg&#8221; _builder_version=&#8221;4.24.0&#8243; _module_preset=&#8221;default&#8221; global_colors_info=&#8221;{}&#8221;][\/et_pb_image][\/et_pb_column][et_pb_column type=&#8221;1_5&#8243; _builder_version=&#8221;4.24.0&#8243; _module_preset=&#8221;default&#8221; global_colors_info=&#8221;{}&#8221;][et_pb_image src=&#8221;https:\/\/evimatic.com\/wp-content\/uploads\/2024\/02\/Fundacio-Pascual.png&#8221; title_text=&#8221;Fundacio-Pascual&#8221; url=&#8221;https:\/\/www.comg.cat\/ca\/73-fundacio-pascual-i-prats&#8221; url_new_window=&#8221;on&#8221; align_tablet=&#8221;&#8221; align_phone=&#8221;center&#8221; align_last_edited=&#8221;on|phone&#8221; admin_label=&#8221;Fundacio Pascual Prats&#8221; _builder_version=&#8221;4.24.0&#8243; _module_preset=&#8221;default&#8221; global_colors_info=&#8221;{}&#8221;][\/et_pb_image][\/et_pb_column][\/et_pb_row][et_pb_row column_structure=&#8221;1_5,1_5,1_5,1_5,1_5&#8243; _builder_version=&#8221;4.24.0&#8243; _module_preset=&#8221;default&#8221; width_tablet=&#8221;&#8221; width_phone=&#8221;50%&#8221; width_last_edited=&#8221;on|phone&#8221; max_width=&#8221;100%&#8221; custom_margin=&#8221;0px||0px||true|false&#8221; custom_padding=&#8221;0px||0px||false|false&#8221; global_colors_info=&#8221;{}&#8221;][et_pb_column type=&#8221;1_5&#8243; _builder_version=&#8221;4.24.0&#8243; _module_preset=&#8221;default&#8221; global_colors_info=&#8221;{}&#8221;][et_pb_image src=&#8221;https:\/\/evimatic.com\/wp-content\/uploads\/2024\/02\/iAS.png&#8221; title_text=&#8221;iAS&#8221; url=&#8221;http:\/\/www.ias.cat\/&#8221; url_new_window=&#8221;on&#8221; align_tablet=&#8221;&#8221; align_phone=&#8221;center&#8221; align_last_edited=&#8221;on|phone&#8221; admin_label=&#8221;Ministerio&#8221; _builder_version=&#8221;4.24.0&#8243; _module_preset=&#8221;default&#8221; global_colors_info=&#8221;{}&#8221;][\/et_pb_image][\/et_pb_column][et_pb_column type=&#8221;1_5&#8243; _builder_version=&#8221;4.24.0&#8243; _module_preset=&#8221;default&#8221; global_colors_info=&#8221;{}&#8221;][et_pb_image src=&#8221;https:\/\/evimatic.com\/wp-content\/uploads\/2024\/02\/TDApp-eada-logo.png&#8221; title_text=&#8221;TDApp-eada-logo&#8221; url=&#8221;https:\/\/www.eada.edu\/ca\/empreses-i-institucions\/investigacio-aplicada\/centre-emprenedors\/map&#8221; url_new_window=&#8221;on&#8221; align_tablet=&#8221;&#8221; align_phone=&#8221;center&#8221; align_last_edited=&#8221;on|phone&#8221; admin_label=&#8221;Universitat Girona&#8221; _builder_version=&#8221;4.24.0&#8243; _module_preset=&#8221;default&#8221; global_colors_info=&#8221;{}&#8221;][\/et_pb_image][\/et_pb_column][et_pb_column type=&#8221;1_5&#8243; _builder_version=&#8221;4.24.0&#8243; _module_preset=&#8221;default&#8221; global_colors_info=&#8221;{}&#8221;][et_pb_image src=&#8221;https:\/\/evimatic.com\/wp-content\/uploads\/2024\/02\/Parc-Sanitari-Sant-Joan-de-Deu.png&#8221; title_text=&#8221;Parc-Sanitari-Sant-Joan-de-Deu&#8221; url=&#8221;https:\/\/www.pssjd.org\/&#8221; url_new_window=&#8221;on&#8221; align_tablet=&#8221;&#8221; align_phone=&#8221;center&#8221; align_last_edited=&#8221;on|phone&#8221; admin_label=&#8221;Campus salut&#8221; _builder_version=&#8221;4.24.0&#8243; _module_preset=&#8221;default&#8221; global_colors_info=&#8221;{}&#8221;][\/et_pb_image][\/et_pb_column][et_pb_column type=&#8221;1_5&#8243; _builder_version=&#8221;4.24.0&#8243; _module_preset=&#8221;default&#8221; global_colors_info=&#8221;{}&#8221;][et_pb_image src=&#8221;https:\/\/evimatic.com\/wp-content\/uploads\/2024\/02\/Centro-Cochrane.png&#8221; title_text=&#8221;Centro-Cochrane&#8221; url=&#8221;https:\/\/es.cochrane.org\/es&#8221; url_new_window=&#8221;on&#8221; align_tablet=&#8221;&#8221; align_phone=&#8221;center&#8221; align_last_edited=&#8221;on|phone&#8221; admin_label=&#8221;Comg&#8221; _builder_version=&#8221;4.24.0&#8243; _module_preset=&#8221;default&#8221; global_colors_info=&#8221;{}&#8221;][\/et_pb_image][\/et_pb_column][et_pb_column type=&#8221;1_5&#8243; _builder_version=&#8221;4.24.0&#8243; _module_preset=&#8221;default&#8221; global_colors_info=&#8221;{}&#8221;][et_pb_image src=&#8221;https:\/\/evimatic.com\/wp-content\/uploads\/2024\/02\/IDIBGI-logotip.png&#8221; title_text=&#8221;IDIBGI-logotip&#8221; url=&#8221;https:\/\/idibgi.org\/&#8221; url_new_window=&#8221;on&#8221; align_tablet=&#8221;&#8221; align_phone=&#8221;center&#8221; align_last_edited=&#8221;on|phone&#8221; admin_label=&#8221;Fundacio Pascual Prats&#8221; _builder_version=&#8221;4.24.0&#8243; _module_preset=&#8221;default&#8221; global_colors_info=&#8221;{}&#8221;][\/et_pb_image][\/et_pb_column][\/et_pb_row][et_pb_row column_structure=&#8221;1_5,1_5,1_5,1_5,1_5&#8243; _builder_version=&#8221;4.24.0&#8243; _module_preset=&#8221;default&#8221; max_width=&#8221;100%&#8221; custom_margin=&#8221;0px||0px||true|false&#8221; custom_padding=&#8221;0px||0px||false|false&#8221; global_colors_info=&#8221;{}&#8221;][et_pb_column type=&#8221;1_5&#8243; _builder_version=&#8221;4.24.0&#8243; _module_preset=&#8221;default&#8221; global_colors_info=&#8221;{}&#8221;][et_pb_image src=&#8221;https:\/\/evimatic.com\/wp-content\/uploads\/2024\/02\/logo-itemas-2021.png&#8221; title_text=&#8221;logo-itemas-2021&#8243; url=&#8221;https:\/\/itemas.org\/&#8221; url_new_window=&#8221;on&#8221; align=&#8221;center&#8221; admin_label=&#8221;Ministerio&#8221; _builder_version=&#8221;4.24.0&#8243; _module_preset=&#8221;default&#8221; width=&#8221;80%&#8221; max_width=&#8221;80%&#8221; custom_margin=&#8221;||||false|false&#8221; custom_padding=&#8221;50px||||false|false&#8221; custom_padding_tablet=&#8221;&#8221; custom_padding_phone=&#8221;0px||||false|false&#8221; custom_padding_last_edited=&#8221;on|desktop&#8221; global_colors_info=&#8221;{}&#8221;][\/et_pb_image][\/et_pb_column][et_pb_column type=&#8221;1_5&#8243; _builder_version=&#8221;4.24.0&#8243; _module_preset=&#8221;default&#8221; global_colors_info=&#8221;{}&#8221;][et_pb_image src=&#8221;https:\/\/evimatic.com\/wp-content\/uploads\/2024\/02\/XarxaTECSAM-logotip.png&#8221; title_text=&#8221;XarxaTECSAM-logotip&#8221; url=&#8221;https:\/\/tecsam.org\/ca\/&#8221; url_new_window=&#8221;on&#8221; align=&#8221;center&#8221; align_tablet=&#8221;&#8221; align_phone=&#8221;center&#8221; align_last_edited=&#8221;on|phone&#8221; admin_label=&#8221;Universitat Girona&#8221; _builder_version=&#8221;4.24.0&#8243; _module_preset=&#8221;default&#8221; width=&#8221;80%&#8221; width_tablet=&#8221;&#8221; width_phone=&#8221;40%&#8221; width_last_edited=&#8221;on|phone&#8221; global_colors_info=&#8221;{}&#8221;][\/et_pb_image][\/et_pb_column][et_pb_column type=&#8221;1_5&#8243; _builder_version=&#8221;4.24.0&#8243; _module_preset=&#8221;default&#8221; global_colors_info=&#8221;{}&#8221;][et_pb_image src=&#8221;https:\/\/evimatic.com\/wp-content\/uploads\/2024\/02\/MWC-logotip.png&#8221; title_text=&#8221;MWC-logotip&#8221; url=&#8221;https:\/\/thecollider.tech\/es\/&#8221; url_new_window=&#8221;on&#8221; align_tablet=&#8221;&#8221; align_phone=&#8221;center&#8221; align_last_edited=&#8221;on|phone&#8221; admin_label=&#8221;Campus salut&#8221; _builder_version=&#8221;4.24.0&#8243; _module_preset=&#8221;default&#8221; global_colors_info=&#8221;{}&#8221;][\/et_pb_image][\/et_pb_column][et_pb_column type=&#8221;1_5&#8243; _builder_version=&#8221;4.24.0&#8243; _module_preset=&#8221;default&#8221; global_colors_info=&#8221;{}&#8221;][et_pb_image src=&#8221;https:\/\/evimatic.com\/wp-content\/uploads\/2024\/02\/The-Collider-logotip.png&#8221; title_text=&#8221;The-Collider-logotip&#8221; url=&#8221;https:\/\/thecollider.tech\/es\/&#8221; url_new_window=&#8221;on&#8221; align_tablet=&#8221;&#8221; align_phone=&#8221;center&#8221; align_last_edited=&#8221;on|phone&#8221; admin_label=&#8221;Comg&#8221; _builder_version=&#8221;4.24.0&#8243; _module_preset=&#8221;default&#8221; global_colors_info=&#8221;{}&#8221;][\/et_pb_image][\/et_pb_column][et_pb_column type=&#8221;1_5&#8243; _builder_version=&#8221;4.24.0&#8243; _module_preset=&#8221;default&#8221; global_colors_info=&#8221;{}&#8221;][\/et_pb_column][\/et_pb_row][\/et_pb_section]<\/p>","protected":false},"excerpt":{"rendered":"<p>TeamIn our team, collaboration is key. With diverse skills and shared goals, we innovate and excel together.I am professor and head of the Translab research group at the University of Girona. I conduct Research on the risk-benefit ratio of medications and shared decision-making.I am a professor at the University of Girona, and I lead the [&hellip;]<\/p>","protected":false},"author":2,"featured_media":0,"parent":0,"menu_order":0,"comment_status":"closed","ping_status":"closed","template":"","meta":{"_et_pb_use_builder":"on","_et_pb_old_content":"","_et_gb_content_width":"","inline_featured_image":false,"footnotes":""},"class_list":["post-106","page","type-page","status-publish","hentry"],"_links":{"self":[{"href":"https:\/\/evimatic.com\/es\/wp-json\/wp\/v2\/pages\/106","targetHints":{"allow":["GET"]}}],"collection":[{"href":"https:\/\/evimatic.com\/es\/wp-json\/wp\/v2\/pages"}],"about":[{"href":"https:\/\/evimatic.com\/es\/wp-json\/wp\/v2\/types\/page"}],"author":[{"embeddable":true,"href":"https:\/\/evimatic.com\/es\/wp-json\/wp\/v2\/users\/2"}],"replies":[{"embeddable":true,"href":"https:\/\/evimatic.com\/es\/wp-json\/wp\/v2\/comments?post=106"}],"version-history":[{"count":34,"href":"https:\/\/evimatic.com\/es\/wp-json\/wp\/v2\/pages\/106\/revisions"}],"predecessor-version":[{"id":357,"href":"https:\/\/evimatic.com\/es\/wp-json\/wp\/v2\/pages\/106\/revisions\/357"}],"wp:attachment":[{"href":"https:\/\/evimatic.com\/es\/wp-json\/wp\/v2\/media?parent=106"}],"curies":[{"name":"wp","href":"https:\/\/api.w.org\/{rel}","templated":true}]}}